{"id":156,"date":"2025-06-13T19:37:01","date_gmt":"2025-06-13T19:37:01","guid":{"rendered":"https:\/\/nogeas.ch\/archive-250613-nogeas-buendnis\/"},"modified":"2025-06-13T19:39:26","modified_gmt":"2025-06-13T19:39:26","slug":"archive-250613-nogeas-buendnis","status":"publish","type":"page","link":"https:\/\/nogeas.ch\/fr\/archive-250613-nogeas-buendnis\/","title":{"rendered":"ARCHIVE 250613 &#8211; NoGEAS-B\u00fcndnis"},"content":{"rendered":"\n<div class=\"wpml-ls-statics-shortcode_actions wpml-ls wpml-ls-legacy-list-horizontal\">\n\t<ul><li class=\"wpml-ls-slot-shortcode_actions wpml-ls-item wpml-ls-item-de wpml-ls-first-item wpml-ls-item-legacy-list-horizontal\">\n\t\t\t\t<a href=\"https:\/\/nogeas.ch\/\" class=\"wpml-ls-link\">\n                    <span class=\"wpml-ls-native\" lang=\"de\">DE<\/span><\/a>\n\t\t\t<\/li><li class=\"wpml-ls-slot-shortcode_actions wpml-ls-item wpml-ls-item-fr wpml-ls-current-language wpml-ls-last-item wpml-ls-item-legacy-list-horizontal\">\n\t\t\t\t<a href=\"https:\/\/nogeas.ch\/fr\/\" class=\"wpml-ls-link\">\n                    <span class=\"wpml-ls-native\">FR<\/span><\/a>\n\t\t\t<\/li><\/ul>\n<\/div>\n\n\n<h1 class=\"wp-block-heading nog-main-title\">Coalition <span>N<\/span><span>o<\/span><span>RAEC<\/span><br\/><\/h1>\n\n<p>Au printemps 2024, les \u00c9tats membres de l&rsquo;UE et le Parlement europ\u00e9en se sont mis d&rsquo;accord sur une r\u00e9forme qui limitera massivement l&rsquo;acc\u00e8s au droit d&rsquo;asile et poursuivra le d\u00e9veloppement de la forteresse Europe.<\/p>\n\n<p>Avec la r\u00e9forme du RAEC, l&rsquo;UE introduit des proc\u00e9dures d&rsquo;asile raccourcies dans des centres de d\u00e9tention aux fronti\u00e8res ext\u00e9rieures de l&rsquo;UE, facilite les expulsions vers des \u00ab\u00a0pays tiers s\u00fbrs\u00a0\u00bb et renforce encore les r\u00e8gles de Dublin.<\/p>\n\n<p style=\"font-style:normal;font-weight:700\"><strong>En tant que coalition NoRAEC, nous voulons organiser la r\u00e9sistance<\/strong><strong> contre la reprise de la r\u00e9forme du RAEC par la Suisse.<\/strong><\/p>\n\n<h2 class=\"wp-block-heading\">Membres de la coalition <br\/><\/h2>\n\n<ul class=\"wp-block-list\">\n<li><a href=\"https:\/\/sozialismus.ch\">Bewegung f\u00fcr Sozialismus<\/a><\/li>\n\n\n\n<li><a href=\"https:\/\/bewegungsfreiheit.ch\/\">Bewegungsfreiheit f\u00fcr alle<\/a><\/li>\n\n\n\n<li><a href=\"https:\/\/coordination-asile-ge.ch\/\">Coordination asile.ge<\/a><\/li>\n\n\n\n<li><a href=\"https:\/\/csp.ch\/geneve\/\">CSP Gen\u00e8ve<\/a><\/li>\n\n\n\n<li><a href=\"https:\/\/www.djs-jds.ch\/fr\/\">Juristes d\u00e9mocrates de Suisse<\/a><\/li>\n\n\n\n<li><a href=\"https:\/\/freiplatzaktion-basel.ch\/\">Freiplatzaktion Basel<\/a><\/li>\n\n\n\n<li><a href=\"https:\/\/freiplatzaktion.ch\/\">Freiplatzaktion Z\u00fcrich<\/a><\/li>\n\n\n\n<li><a href=\"https:\/\/migrant-solidarity-network.ch\/\">Migrant Solidarity Network<\/a><\/li>\n\n\n\n<li><a href=\"https:\/\/pikett-asyl.ch\/fr\/\">Pikett Asyl<\/a><\/li>\n\n\n\n<li><a href=\"https:\/\/sosf.ch\/fr\">Solidarit\u00e9 sans fronti\u00e8res<\/a><\/li>\n\n\n\n<li><a href=\"https:\/\/sosf.ch\/fr\">Solidarit\u00e4tsnetz Bern<\/a><\/li>\n\n\n\n<li><a href=\"https:\/\/solinetzluzern.ch\/\">Solinetz Luzern<\/a><\/li>\n\n\n\n<li><a href=\"https:\/\/solinetz-zh.ch\/\">Solinetz Z\u00fcrich<\/a><\/li>\n\n\n\n<li><a href=\"https:\/\/seebruecke.ch\/\">Seebr\u00fccke Schweiz<\/a><\/li>\n<\/ul>\n\n<h2 class=\"wp-block-heading\">Contact<\/h2>\n\n<div class=\"wp-block-columns is-layout-flex wp-container-core-columns-is-layout-28f84493 wp-block-columns-is-layout-flex\">\n<div class=\"wp-block-column is-layout-flow wp-block-column-is-layout-flow\" style=\"flex-basis:50%\">\n<h3 class=\"wp-block-heading has-large-font-size\">Questions: <\/h3>\n\n\n\n<p style=\"margin-top:0.4rem\"><a href=\"mailto:info@nogeas.ch\">info@nogeas.ch<\/a><br\/><\/p>\n\n\n\n<h3 class=\"wp-block-heading has-large-font-size\">Feeds: <\/h3>\n\n\n\n<p style=\"margin-top:0.4rem\"><a href=\"https:\/\/t.me\/+5qr8xB0yoCo1Nzhi\">Telegram<\/a><\/p>\n\n\n\n<p><a href=\"https:\/\/www.instagram.com\/no.geas\/\">Instagram<\/a><\/p>\n\n\n\n<p><a href=\"https:\/\/www.facebook.com\/profile.php?id=61575268493402\" data-type=\"link\" data-id=\"https:\/\/www.facebook.com\/profile.php?id=61575268493402\">Facebook<\/a><\/p>\n<\/div>\n\n\n\n<div class=\"wp-block-column is-layout-flow wp-block-column-is-layout-flow\" style=\"flex-basis:50%\">\n<h3 class=\"wp-block-heading has-large-font-size\">Newsletter:<\/h3>\n\n\n\n\t\t\t\t<script src=\"https:\/\/challenges.cloudflare.com\/turnstile\/v0\/api.js\"><\/script>\n\n\t\t\t\n\t\t\t<form id=\"sib_signup_form_3\" method=\"post\" class=\"sib_signup_form\">\n\t\t\t\t<div class=\"sib_loader\" style=\"display:none;\"><img\n\t\t\t\t\t\t\tsrc=\"https:\/\/nogeas.ch\/wp-includes\/images\/spinner.gif\" alt=\"loader\"><\/div>\n\t\t\t\t<input type=\"hidden\" name=\"sib_form_action\" value=\"subscribe_form_submit\">\n\t\t\t\t<input type=\"hidden\" name=\"sib_form_id\" value=\"3\">\n                <input type=\"hidden\" name=\"sib_form_alert_notice\" value=\"Veuillez remplir tous les champs n\u00e9cessaires\">\n                <input type=\"hidden\" name=\"sib_form_invalid_email_notice\" value=\"Il ne s&#039;agit pas d&#039;une adresse e-mail valide.\">\n                <input type=\"hidden\" name=\"sib_security\" value=\"98a2f8953c\">\n\t\t\t\t<div class=\"sib_signup_box_inside_3\">\n\t\t\t\t\t<div style=\"\/*display:none*\/\" class=\"sib_msg_disp\">\n\t\t\t\t\t<\/div>\n                                            <div id=\"sib_captcha_invisible\" class=\"invi-recaptcha\" data-sitekey=\"\"><\/div>\n                    \t\t\t\t\t<p class=\"sib-email-area\">\r\n    Email*\r\n    <input type=\"email\" class=\"sib-email-area\" name=\"email\" required=\"required\">\r\n<\/p>\r\n\r\n<div id=\"cf-turnstile-0x4AAAAAABF6QC5tan5Sge_6\" class=\"cf-turnstile\" data-error-callback=\"errorCallbackForTurnstileErrors\" data-sitekey=\"0x4AAAAAABF6QC5tan5Sge_6\" data-theme=\"auto\"><\/div>\r\n\r\n<p>\r\n<input type=\"submit\" class=\"sib-default-btn\" value=\"S\u2019abonner\">\r\n<\/p>\r\n\t\t\t\t<\/div>\n\t\t\t<\/form>\n\t\t\t<style>\n\t\t\t\tform#sib_signup_form_3 p.sib-alert-message {\n    padding: 6px 12px;\n    margin-bottom: 20px;\n    border: 1px solid transparent;\n    border-radius: 4px;\n    -webkit-box-sizing: border-box;\n    -moz-box-sizing: border-box;\n    box-sizing: border-box;\n}\nform#sib_signup_form_3 p.sib-alert-message-error {\n    background-color: #f2dede;\n    border-color: #ebccd1;\n    color: #a94442;\n}\nform#sib_signup_form_3 p.sib-alert-message-success {\n    background-color: #dff0d8;\n    border-color: #d6e9c6;\n    color: #3c763d;\n}\nform#sib_signup_form_3 p.sib-alert-message-warning {\n    background-color: #fcf8e3;\n    border-color: #faebcc;\n    color: #8a6d3b;\n}\n\t\t\t<\/style>\n\t\t\t\n<\/div>\n<\/div>\n\n<p><\/p>\n","protected":false},"excerpt":{"rendered":"<p>Coalition NoRAEC Au printemps 2024, les \u00c9tats membres de l&rsquo;UE et le Parlement europ\u00e9en se sont mis d&rsquo;accord sur une r\u00e9forme qui limitera massivement l&rsquo;acc\u00e8s au droit d&rsquo;asile et poursuivra le d\u00e9veloppement de la forteresse Europe. Avec la r\u00e9forme du RAEC, l&rsquo;UE introduit des proc\u00e9dures d&rsquo;asile raccourcies dans des centres de d\u00e9tention aux fronti\u00e8res ext\u00e9rieures [&hellip;]<\/p>\n","protected":false},"author":1,"featured_media":0,"parent":0,"menu_order":0,"comment_status":"closed","ping_status":"closed","template":"blank","meta":{"inline_featured_image":false,"footnotes":""},"class_list":["post-156","page","type-page","status-publish","hentry"],"_links":{"self":[{"href":"https:\/\/nogeas.ch\/fr\/wp-json\/wp\/v2\/pages\/156","targetHints":{"allow":["GET"]}}],"collection":[{"href":"https:\/\/nogeas.ch\/fr\/wp-json\/wp\/v2\/pages"}],"about":[{"href":"https:\/\/nogeas.ch\/fr\/wp-json\/wp\/v2\/types\/page"}],"author":[{"embeddable":true,"href":"https:\/\/nogeas.ch\/fr\/wp-json\/wp\/v2\/users\/1"}],"replies":[{"embeddable":true,"href":"https:\/\/nogeas.ch\/fr\/wp-json\/wp\/v2\/comments?post=156"}],"version-history":[{"count":1,"href":"https:\/\/nogeas.ch\/fr\/wp-json\/wp\/v2\/pages\/156\/revisions"}],"predecessor-version":[{"id":157,"href":"https:\/\/nogeas.ch\/fr\/wp-json\/wp\/v2\/pages\/156\/revisions\/157"}],"wp:attachment":[{"href":"https:\/\/nogeas.ch\/fr\/wp-json\/wp\/v2\/media?parent=156"}],"curies":[{"name":"wp","href":"https:\/\/api.w.org\/{rel}","templated":true}]}}